{"id":16,"date":"2011-10-14T13:57:11","date_gmt":"2011-10-14T11:57:11","guid":{"rendered":"http:\/\/pcupv.webs.upv.es\/blog\/?page_id=16"},"modified":"2023-03-10T14:55:18","modified_gmt":"2023-03-10T13:55:18","slug":"fotos","status":"publish","type":"page","link":"https:\/\/pcupv.webs.upv.es\/blog\/?page_id=16","title":{"rendered":"Fotos"},"content":{"rendered":"<table border=\"1\" width=\"300\" cellspacing=\"0\" cellpadding=\"0\">\n<tbody>\n<tr>\n<td class=\"tabla_det\" width=\"300\"><a href=\"https:\/\/goo.gl\/photos\/VHanpFhTD5EnBWJf8\" target=\"_blank\" rel=\"noopener\">25 anivesari PCUPV. Junio de 2017<\/a><\/td>\n<\/tr>\n<tr>\n<td class=\"tabla_det\" width=\"300\"><a href=\"https:\/\/photos.app.goo.gl\/1mtgAgyBJz9d1Jck7\" target=\"_blank\" rel=\"noopener\">Entrega de trofeos temporada 2010-2011<\/a><\/td>\n<\/tr>\n<tr>\n<td class=\"tabla_det\" width=\"300\"><a href=\"https:\/\/photos.app.goo.gl\/VQe6d8dBM2zAqLdr9\" target=\"_blank\" rel=\"noopener\">Entrega de trofeos temporada 2009-2010<\/a><\/td>\n<\/tr>\n<tr>\n<td class=\"tabla_det\" width=\"300\"><a href=\"https:\/\/photos.app.goo.gl\/mWFbGJhPzLgi8hZc6\" target=\"_blank\" rel=\"noopener\">70 cumplea\u00f1os Angelino<\/a><\/td>\n<\/tr>\n<tr>\n<td class=\"tabla_det\" width=\"300\"><a href=\"https:\/\/photos.app.goo.gl\/USt79LpKGHoWAgjM6\" target=\"_blank\" rel=\"noopener\">Mont Caro 2021<\/a><\/td>\n<\/tr>\n<tr>\n<td class=\"tabla_det\" width=\"300\"><a href=\"https:\/\/goo.gl\/photos\/VHanpFhTD5EnBWJf8\" target=\"_blank\" rel=\"noopener\">25\u00e9 aniversari PCUPV. Val\u00e8ncia-Gandia-Alcoi<\/a><\/td>\n<\/tr>\n<tr>\n<td class=\"tabla_det\" width=\"300\"><a href=\"https:\/\/goo.gl\/photos\/FEsotp13HpL6vAsN6\" target=\"_blank\" rel=\"noopener\">Mont Caro 2014<\/a><\/td>\n<\/tr>\n<tr>\n<td class=\"tabla_det\" width=\"300\"><a href=\"https:\/\/photos.app.goo.gl\/zTTgCLzgBwbuPAaDA\" target=\"_blank\" rel=\"noopener\">Etapa Pepe Villena 2014<\/a><\/td>\n<\/tr>\n<tr>\n<td class=\"tabla_det\" width=\"300\"><a href=\"https:\/\/photos.app.goo.gl\/uLTFGCvfdPy1ecyu5\" target=\"_blank\" rel=\"noopener\">Trofeos UPV 2012-2013<\/a><\/td>\n<\/tr>\n<tr>\n<td class=\"tabla_det\" width=\"300\"><a href=\"https:\/\/photos.app.goo.gl\/UDhVseHwLkAUfsk27\" target=\"_blank\" rel=\"noopener\">Entrega de trofeos Pe\u00f1a ciclista UPV, temporada 2011-2012<\/a><\/td>\n<\/tr>\n<tr>\n<td class=\"tabla_det\" width=\"300\"><a href=\"https:\/\/photos.app.goo.gl\/e5oRRrVGpBnJh6Z36\" target=\"_blank\" rel=\"noopener\">Homenaje del Giro a Angelino<\/a><\/td>\n<\/tr>\n<tr>\n<td class=\"tabla_det\" width=\"300\"><a href=\"https:\/\/photos.app.goo.gl\/HDC7iZw9bXdn1oTc7\" target=\"_blank\" rel=\"noopener\">Marcha Ciclista Ribagorza 2009<\/a><\/td>\n<\/tr>\n<tr>\n<td class=\"tabla_det\" width=\"300\"><a href=\"https:\/\/photos.app.goo.gl\/HEJB8VZQfccszZ8m6\" target=\"_blank\" rel=\"noopener\">Vuelta a los Campus UPV 2009<\/a><\/td>\n<\/tr>\n<tr>\n<td class=\"tabla_det\" width=\"300\"><a href=\"https:\/\/photos.app.goo.gl\/S6hhHu9noxnrgWCd7\" target=\"_blank\" rel=\"noopener\">Tierra de Remences 2009<\/a><\/td>\n<\/tr>\n<tr>\n<td class=\"tabla_det\" width=\"300\"><a href=\"https:\/\/photos.app.goo.gl\/6vUCr8iSiEL2M4tv9\" target=\"_blank\" rel=\"noopener\">Marina Polop 2008 M\u00e1ster<\/a><\/td>\n<\/tr>\n<tr>\n<td class=\"tabla_det\" width=\"300\"><a href=\"https:\/\/photos.app.goo.gl\/czEdL4K9Mrp8N8NDA\" target=\"_blank\" rel=\"noopener\">Marina Calpe 2008 M\u00e1ster<\/a><\/td>\n<\/tr>\n<tr>\n<td class=\"tabla_det\" width=\"300\"><a href=\"https:\/\/photos.app.goo.gl\/a73iwrGSoQz5ks43A\" target=\"_blank\" rel=\"noopener\">Marina Gata 2008 M\u00e1ster<\/a><\/td>\n<\/tr>\n<tr>\n<td class=\"tabla_det\" width=\"300\"><a href=\"https:\/\/photos.app.goo.gl\/5ePYHqwfPF31XJWW6\" target=\"_blank\" rel=\"noopener\">Marina Benidorm 2008 M\u00e1ster<\/a><\/td>\n<\/tr>\n<tr>\n<td class=\"tabla_det\" width=\"300\"><a href=\"https:\/\/photos.app.goo.gl\/i6owY8xk52T1Feea9\" target=\"_blank\" rel=\"noopener\">Marina Moraira 2008 M\u00e1ster<\/a><\/td>\n<\/tr>\n<tr>\n<td class=\"tabla_det\" width=\"300\"><a href=\"https:\/\/photos.app.goo.gl\/F3ix7Mf3nAMghnB47\" target=\"_blank\" rel=\"noopener\">Marina Altea 2008 M\u00e1ster<\/a><\/td>\n<\/tr>\n<tr>\n<td class=\"tabla_det\" width=\"300\"><a href=\"https:\/\/photos.app.goo.gl\/4jsF6f7jW3dQw2SQ9\" target=\"_blank\" rel=\"noopener\">Marina J\u00e1vea 2008 M\u00e1ster<\/a><\/td>\n<\/tr>\n<tr>\n<td class=\"tabla_det\" width=\"300\"><a href=\"https:\/\/photos.app.goo.gl\/pQfTSnrHQhWYbcpu8\" target=\"_blank\" rel=\"noopener\">Mont Caro 2008<\/a><\/td>\n<\/tr>\n<tr>\n<td class=\"tabla_det\" width=\"300\"><a href=\"https:\/\/photos.app.goo.gl\/v1DrEJjDvw7mmvQv8\" target=\"_blank\" rel=\"noopener\">Maratona Dolomita 28\/06\/2008<\/a><\/td>\n<\/tr>\n<tr>\n<td class=\"tabla_det\" width=\"300\"><\/td>\n<\/tr>\n<tr>\n<td class=\"tabla_det\" width=\"300\"><\/td>\n<\/tr>\n<tr>\n<td class=\"tabla_det\" width=\"300\"><\/td>\n<\/tr>\n<tr>\n<td class=\"tabla_det\" width=\"300\"><\/td>\n<\/tr>\n<tr>\n<td class=\"tabla_det\" width=\"300\"><\/td>\n<\/tr>\n<tr>\n<td class=\"tabla_det\" width=\"300\"><\/td>\n<\/tr>\n<tr>\n<td class=\"tabla_det\" width=\"300\"><\/td>\n<\/tr>\n<tr>\n<td class=\"tabla_det\" width=\"300\"><\/td>\n<\/tr>\n<tr>\n<td class=\"tabla_det\" width=\"300\"><\/td>\n<\/tr>\n<tr>\n<td class=\"tabla_det\" width=\"300\"><\/td>\n<\/tr>\n<tr>\n<td class=\"tabla_det\" width=\"300\"><\/td>\n<\/tr>\n<tr>\n<td class=\"tabla_det\" width=\"300\"><\/td>\n<\/tr>\n<tr>\n<td class=\"tabla_det\" width=\"300\"><\/td>\n<\/tr>\n<tr>\n<td class=\"tabla_det\" width=\"300\"><\/td>\n<\/tr>\n<tr>\n<td class=\"tabla_det\" width=\"300\"><\/td>\n<\/tr>\n<tr>\n<td class=\"tabla_det\" width=\"300\"><\/td>\n<\/tr>\n<tr>\n<td class=\"tabla_det\" width=\"300\"><\/td>\n<\/tr>\n<tr>\n<td class=\"tabla_det\" width=\"300\"><\/td>\n<\/tr>\n<tr>\n<td class=\"tabla_det\" width=\"300\"><\/td>\n<\/tr>\n<tr>\n<td class=\"tabla_det\" width=\"300\"><\/td>\n<\/tr>\n<tr>\n<td class=\"tabla_det\" width=\"300\"><\/td>\n<\/tr>\n<tr>\n<td class=\"tabla_det\" width=\"300\"><\/td>\n<\/tr>\n<tr>\n<td class=\"tabla_det\" width=\"300\"><\/td>\n<\/tr>\n<tr>\n<td class=\"tabla_det\" width=\"300\"><\/td>\n<\/tr>\n<tr>\n<td class=\"tabla_det\" width=\"300\"><\/td>\n<\/tr>\n<tr>\n<td class=\"tabla_det\" width=\"300\"><\/td>\n<\/tr>\n<tr>\n<td class=\"tabla_det\" width=\"300\"><\/td>\n<\/tr>\n<tr>\n<td class=\"tabla_det\" width=\"300\"><\/td>\n<\/tr>\n<tr>\n<td class=\"tabla_det\" width=\"300\"><\/td>\n<\/tr>\n<tr>\n<td class=\"tabla_det\" width=\"300\"><\/td>\n<\/tr>\n<tr>\n<td class=\"tabla_det\" width=\"300\"><\/td>\n<\/tr>\n<tr>\n<td class=\"tabla_det\" width=\"300\"><\/td>\n<\/tr>\n<tr>\n<td class=\"tabla_det\" width=\"300\"><\/td>\n<\/tr>\n<tr>\n<td class=\"tabla_det\" width=\"300\"><\/td>\n<\/tr>\n<tr>\n<td class=\"tabla_det\" width=\"300\"><\/td>\n<\/tr>\n<tr>\n<td class=\"tabla_det\" width=\"300\"><\/td>\n<\/tr>\n<tr>\n<td class=\"tabla_det\" width=\"300\"><\/td>\n<\/tr>\n<tr>\n<td class=\"tabla_det\" width=\"300\"><\/td>\n<\/tr>\n<tr>\n<td class=\"tabla_det\" width=\"300\"><\/td>\n<\/tr>\n<tr>\n<td class=\"tabla_det\" width=\"300\"><\/td>\n<\/tr>\n<tr>\n<td class=\"tabla_det\" width=\"300\"><\/td>\n<\/tr>\n<tr>\n<td class=\"tabla_det\" width=\"300\"><\/td>\n<\/tr>\n<tr>\n<td class=\"tabla_det\" width=\"300\"><\/td>\n<\/tr>\n<tr>\n<td class=\"tabla_det\" width=\"300\"><\/td>\n<\/tr>\n<tr>\n<td class=\"tabla_det\" width=\"300\"><\/td>\n<\/tr>\n<tr>\n<td class=\"tabla_det\" width=\"300\"><\/td>\n<\/tr>\n<tr>\n<td class=\"tabla_det\" width=\"300\"><\/td>\n<\/tr>\n<tr>\n<td class=\"tabla_det\" width=\"300\"><\/td>\n<\/tr>\n<tr>\n<td class=\"tabla_det\" width=\"300\"><\/td>\n<\/tr>\n<tr>\n<td class=\"tabla_det\" width=\"300\"><\/td>\n<\/tr>\n<tr>\n<td class=\"tabla_det\" width=\"300\"><\/td>\n<\/tr>\n<tr>\n<td class=\"tabla_det\" width=\"300\"><\/td>\n<\/tr>\n<tr>\n<td class=\"tabla_det\" width=\"300\"><\/td>\n<\/tr>\n<tr>\n<td class=\"tabla_det\" width=\"300\"><\/td>\n<\/tr>\n<tr>\n<td class=\"tabla_det\" width=\"300\"><\/td>\n<\/tr>\n<tr>\n<td class=\"tabla_det\" width=\"300\"><\/td>\n<\/tr>\n<tr>\n<td class=\"tabla_det\" width=\"300\"><\/td>\n<\/tr>\n<tr>\n<td class=\"tabla_det\" width=\"300\"><\/td>\n<\/tr>\n<\/tbody>\n<\/table>\n","protected":false},"excerpt":{"rendered":"<p>25 anivesari PCUPV. Junio de 2017 Entrega de trofeos temporada 2010-2011 Entrega de trofeos temporada 2009-2010 70 cumplea\u00f1os Angelino Mont Caro 2021 25\u00e9 aniversari PCUPV. Val\u00e8ncia-Gandia-Alcoi Mont Caro 2014 Etapa Pepe Villena 2014 Trofeos UPV 2012-2013 Entrega de trofeos Pe\u00f1a ciclista UPV, temporada 2011-2012 Homenaje del Giro a Angelino Marcha Ciclista Ribagorza 2009 Vuelta a &hellip; <a href=\"https:\/\/pcupv.webs.upv.es\/blog\/?page_id=16\" class=\"more-link\">Seguir leyendo <span class=\"screen-reader-text\">Fotos<\/span> <span class=\"meta-nav\">&rarr;<\/span><\/a><\/p>\n","protected":false},"author":1,"featured_media":0,"parent":0,"menu_order":6,"comment_status":"closed","ping_status":"closed","template":"","meta":{"footnotes":""},"class_list":["post-16","page","type-page","status-publish","hentry"],"_links":{"self":[{"href":"https:\/\/pcupv.webs.upv.es\/blog\/index.php?rest_route=\/wp\/v2\/pages\/16","targetHints":{"allow":["GET"]}}],"collection":[{"href":"https:\/\/pcupv.webs.upv.es\/blog\/index.php?rest_route=\/wp\/v2\/pages"}],"about":[{"href":"https:\/\/pcupv.webs.upv.es\/blog\/index.php?rest_route=\/wp\/v2\/types\/page"}],"author":[{"embeddable":true,"href":"https:\/\/pcupv.webs.upv.es\/blog\/index.php?rest_route=\/wp\/v2\/users\/1"}],"replies":[{"embeddable":true,"href":"https:\/\/pcupv.webs.upv.es\/blog\/index.php?rest_route=%2Fwp%2Fv2%2Fcomments&post=16"}],"version-history":[{"count":20,"href":"https:\/\/pcupv.webs.upv.es\/blog\/index.php?rest_route=\/wp\/v2\/pages\/16\/revisions"}],"predecessor-version":[{"id":1108,"href":"https:\/\/pcupv.webs.upv.es\/blog\/index.php?rest_route=\/wp\/v2\/pages\/16\/revisions\/1108"}],"wp:attachment":[{"href":"https:\/\/pcupv.webs.upv.es\/blog\/index.php?rest_route=%2Fwp%2Fv2%2Fmedia&parent=16"}],"curies":[{"name":"wp","href":"https:\/\/api.w.org\/{rel}","templated":true}]}}