{"id":7,"date":"2011-10-14T13:37:12","date_gmt":"2011-10-14T12:37:12","guid":{"rendered":"http:\/\/pcupv.webs.upv.es\/blog\/?page_id=7"},"modified":"2023-08-22T19:20:36","modified_gmt":"2023-08-22T18:20:36","slug":"presentacion","status":"publish","type":"page","link":"https:\/\/pcupv.webs.upv.es\/blog\/","title":{"rendered":"Presentaci\u00f3n"},"content":{"rendered":"\n<h1 class=\"wp-block-heading alignwide has-text-align-center\"><mark style=\"background-color:rgba(0, 0, 0, 0)\" class=\"has-inline-color has-red-color\">BLOG DE LA PENYA CICLISTA <\/mark><\/h1>\n\n\n\n<h1 class=\"wp-block-heading alignwide has-text-align-center\"><mark style=\"background-color:rgba(0, 0, 0, 0)\" class=\"has-inline-color has-red-color\">UNIVERSITAT <\/mark><\/h1>\n\n\n\n<h1 class=\"wp-block-heading alignwide has-text-align-center\"><mark style=\"background-color:rgba(0, 0, 0, 0)\" class=\"has-inline-color has-red-color\">POLIT\u00c8CNICA DE VAL\u00c8NCIA<\/mark><\/h1>\n\n\n<\/p>\n<div id=\"wrap\">\n<div id=\"content\">\n<div id=\"post-121\">\n<p><img loading=\"lazy\" decoding=\"async\" class=\"wp-image-937 size-full alignnone\" src=\"https:\/\/pcupv.webs.upv.es\/blog\/wp-content\/uploads\/2021\/12\/Banner-blog-30a.jpg\" alt=\"\" width=\"900\" height=\"300\" srcset=\"https:\/\/pcupv.webs.upv.es\/blog\/wp-content\/uploads\/2021\/12\/Banner-blog-30a.jpg 900w, https:\/\/pcupv.webs.upv.es\/blog\/wp-content\/uploads\/2021\/12\/Banner-blog-30a-300x100.jpg 300w, https:\/\/pcupv.webs.upv.es\/blog\/wp-content\/uploads\/2021\/12\/Banner-blog-30a-768x256.jpg 768w, https:\/\/pcupv.webs.upv.es\/blog\/wp-content\/uploads\/2021\/12\/Banner-blog-30a-150x50.jpg 150w, https:\/\/pcupv.webs.upv.es\/blog\/wp-content\/uploads\/2021\/12\/Banner-blog-30a-250x83.jpg 250w\" sizes=\"auto, (max-width: 900px) 100vw, 900px\" \/><\/p>\n<div>\n<p>La Pe\u00f1a Ciclista Universitat Polit\u00e8cnica de Val\u00e8ncia, naci\u00f3 en abril de 1992 por la iniciativa de un grupo de profesores y alumnos, con el fin de congregar a todo el ciclismo universitario. Durante estos a\u00f1os se ha asistido a la consolidaci\u00f3n del ciclismo como actividad de peso tanto dentro como fuera de la propia Universitat.<\/p>\n<p>Actualmente nuestra Pe\u00f1a est\u00e1 compuesta por m\u00e1s de 50 miembros de edades y niveles muy diversos, por lo que a cualquier aficionado al ciclismo le resultar\u00e1 muy f\u00e1cil poder adaptarse a rodar en nuestro grupo.<\/p>\n<p>Para cada temporada se elabora un calendario de salidas que se llevan a cabo todos los s\u00e1bados entre septiembre y julio.<\/p>\n<p>Tanto si lo que buscas es salir a pasar un buen rato como si tienes un esp\u00edritu m\u00e1s competitivo, en esta pe\u00f1a encontrar\u00e1s el nivel que mejor se te adapte ya que muchos de sus miembros participan en numerosas pruebas de car\u00e1cter nacional e internacional: la Marcha Ale Cycling Gand\u00eda, Marcha AVAPACE, Mediterranean Epic, Marcha Ciclodeportiva La Pobla Llarga, La Rompecadenas, los 10 Picos, la Marcha Marmotte, la subida al Veleta, la Marcha Bahamontes, la Marcha Quebrantahuesos, o la m\u00edtica subida al Angliru. Al tiempo que organiza salidas especiales de car\u00e1cter l\u00fadico, formativo, social, etc\u2026<\/p>\n<p>Adem\u00e1s contamos con el UPV TEAM que compite en pruebas de car\u00e1cter cicloturista, ciclodeportista y \u00e9lite, marchas nacionales e internacionales, as\u00ed como la participaci\u00f3n en los distintos campeonatos de Espa\u00f1a Universitarios.<\/p>\n<p>Cabe destacar la incorporaci\u00f3n de la UPV a la Fundaci\u00f3n Ciclismo y Universidad, o el apadrinamiento de la Pe\u00f1a por parte de Miguel Indurain con la entrega de la medalla de oro de la Universitat.<\/p>\n<p style=\"text-align: justify;\">La Pe\u00f1a Ciclista de la Universitat Polit\u00e8cnica de Val\u00e8ncia ha contribuido decisivamente a la creaci\u00f3n de la Comisi\u00f3n por la Seguridad Vial del Ciclista, integrada dentro de la Federaci\u00f3n Valenciana y Espa\u00f1ola de Ciclismo. Dicha iniciativa pretende como objetivos principales, mejores y m\u00e1s seguras infraestructuras para la pr\u00e1ctica de este deporte, as\u00ed como concienciar a la sociedad para que el ciclista sea m\u00e1s respetado y valorado.<\/p>\n<p style=\"text-align: justify;\">\n<\/div>\n<\/div>\n<\/div>\n<\/div>","protected":false},"excerpt":{"rendered":"<p>BLOG DE LA PENYA CICLISTA UNIVERSITAT POLIT\u00c8CNICA DE VAL\u00c8NCIA La Pe\u00f1a Ciclista Universitat Polit\u00e8cnica de Val\u00e8ncia, naci\u00f3 en abril de 1992 por la iniciativa de un grupo de profesores y alumnos, con el fin de congregar a todo el ciclismo universitario. Durante estos a\u00f1os se ha asistido a la consolidaci\u00f3n del ciclismo como actividad de &hellip; <a href=\"https:\/\/pcupv.webs.upv.es\/blog\/\" class=\"more-link\">Seguir leyendo <span class=\"screen-reader-text\">Presentaci\u00f3n<\/span> <span class=\"meta-nav\">&rarr;<\/span><\/a><\/p>\n","protected":false},"author":1,"featured_media":0,"parent":73,"menu_order":1,"comment_status":"closed","ping_status":"closed","template":"","meta":{"footnotes":""},"class_list":["post-7","page","type-page","status-publish","hentry"],"_links":{"self":[{"href":"https:\/\/pcupv.webs.upv.es\/blog\/index.php?rest_route=\/wp\/v2\/pages\/7","targetHints":{"allow":["GET"]}}],"collection":[{"href":"https:\/\/pcupv.webs.upv.es\/blog\/index.php?rest_route=\/wp\/v2\/pages"}],"about":[{"href":"https:\/\/pcupv.webs.upv.es\/blog\/index.php?rest_route=\/wp\/v2\/types\/page"}],"author":[{"embeddable":true,"href":"https:\/\/pcupv.webs.upv.es\/blog\/index.php?rest_route=\/wp\/v2\/users\/1"}],"replies":[{"embeddable":true,"href":"https:\/\/pcupv.webs.upv.es\/blog\/index.php?rest_route=%2Fwp%2Fv2%2Fcomments&post=7"}],"version-history":[{"count":37,"href":"https:\/\/pcupv.webs.upv.es\/blog\/index.php?rest_route=\/wp\/v2\/pages\/7\/revisions"}],"predecessor-version":[{"id":1196,"href":"https:\/\/pcupv.webs.upv.es\/blog\/index.php?rest_route=\/wp\/v2\/pages\/7\/revisions\/1196"}],"up":[{"embeddable":true,"href":"https:\/\/pcupv.webs.upv.es\/blog\/index.php?rest_route=\/wp\/v2\/pages\/73"}],"wp:attachment":[{"href":"https:\/\/pcupv.webs.upv.es\/blog\/index.php?rest_route=%2Fwp%2Fv2%2Fmedia&parent=7"}],"curies":[{"name":"wp","href":"https:\/\/api.w.org\/{rel}","templated":true}]}}